{"id":813,"date":"2020-11-12T18:05:34","date_gmt":"2020-11-12T18:05:34","guid":{"rendered":"http:\/\/lexizille.ruhrbazille.de\/?page_id=813"},"modified":"2021-01-05T23:44:19","modified_gmt":"2021-01-05T23:44:19","slug":"verben-2","status":"publish","type":"page","link":"http:\/\/lexizille.ruhrbazille.de\/?page_id=813","title":{"rendered":"Verben"},"content":{"rendered":"<p style=\"text-align: left;\"><span style=\"font-size: 20px;\"><strong> <a href=\"http:\/\/lexizille.ruhrbazille.de\/?s=Verben\" data-internallinksmanager029f6b8e52c=\"1\" title=\"Alle Beitr\u00e4ge zum Thema Verben anzeigen\">Verben<\/a> &#8211; <a href=\"https:\/\/de.wiktionary.org\/wiki\/Verb\"><span style=\"font-size: 14px;\">Eintrag Wiktionary\u00a0 <\/span><\/a><\/strong><em><span style=\"font-size: 16px;\"><strong>T\u00e4tigkeitsw\u00f6rter, Tuw\u00f6rter &#8230;.<\/strong><\/span><\/em><strong><br \/>\n<\/strong><\/span><\/p>\n<p><em><span><div class=\"su-note\"  style=\"border-color:#dddd8f;border-radius:3px;-moz-border-radius:3px;-webkit-border-radius:3px;\"><div class=\"su-note-inner su-u-clearfix su-u-trim\" style=\"background-color:#f7f7a9;border-color:#ffffff;color:#333333;border-radius:3px;-moz-border-radius:3px;-webkit-border-radius:3px;\"> <\/span><\/em>Hier gliedern wir <span>Beitr\u00e4ge, die T\u00e4tigkeitsw\u00f6rter &#8211; <strong><em>Ruhrdeutsch: T\u00e4tichkeitsw\u00f6rta(s), Tuw\u00f6rtas (Tuw\u00f6rters)<\/em><\/strong><em> <\/em>&#8211; In einigen verlinkten Beitr\u00e4gen gliedern wir in Zeiten und Personen und beschreiben damit die Besonderheiten bei der Aussprache in Verbindung mit Personalpronomen . Wir kennzeichnen die Beitr\u00e4ge mit einem: <i class=\"fa fa-venus-mars  \" style=\"color: #000000;\"><\/i>\u00a0<\/span> Noch nicht verlinkte Verben werden nach und nach nachgepflegt. Also noch viel zu tun!\u00a0 <em><span><\/div><\/div><\/span><\/em><\/p>\n<div class=\"su-box su-box-style-default\" id=\"\" style=\"border-color:#000021;border-radius:3px\"><div class=\"su-box-title\" style=\"background-color:#2b2c54;color:#f3fcff;border-top-left-radius:1px;border-top-right-radius:1px\">Hochdeutsche Verben<\/div><div class=\"su-box-content su-u-clearfix su-u-trim\" style=\"border-bottom-left-radius:1px;border-bottom-right-radius:1px\">\n<p><strong><span><div class=\"su-expand su-expand-collapsed su-expand-link-style-default\" data-height=\"0\"><div class=\"su-expand-content su-u-trim\" style=\"color:#333333;max-height:0px;overflow:hidden\"><i class=\"fa fa-venus-mars  \"><\/i><a href=\"http:\/\/lexizille.ruhrbazille.de\/?page_id=755\">machen<\/a>; m\u00fcssen; haben; wollen; k\u00f6nnen; lieben <\/div><div class=\"su-expand-link su-expand-link-more\" style=\"text-align:left\"><a href=\"javascript:;\" style=\"color:#0088FF;border-color:#0088FF\"><span style=\"border-color:#0088FF\">klicken und Verben aufklappen<\/span><\/a><\/div><div class=\"su-expand-link su-expand-link-less\" style=\"text-align:left\"><a href=\"javascript:;\" style=\"color:#0088FF;border-color:#0088FF\"><span style=\"border-color:#0088FF\">klicken und Verben zuklappen<\/span><\/a><\/div><\/div><\/span><\/strong><\/p>\n<\/div><\/div>\n<div class=\"su-box su-box-style-default\" id=\"\" style=\"border-color:#000021;border-radius:3px\"><div class=\"su-box-title\" style=\"background-color:#2b2c54;color:#f3fcff;border-top-left-radius:1px;border-top-right-radius:1px\">Ruhrdeutsche Verben<\/div><div class=\"su-box-content su-u-clearfix su-u-trim\" style=\"border-bottom-left-radius:1px;border-bottom-right-radius:1px\">\n<p><strong><span><div class=\"su-expand su-expand-collapsed su-expand-link-style-default\" data-height=\"0\"><div class=\"su-expand-content su-u-trim\" style=\"color:#333333;max-height:0px;overflow:hidden\"><\/span>; kacken; <a href=\"http:\/\/lexizille.ruhrbazille.de\/?p=954\" data-internallinksmanager029f6b8e52c=\"3\" title=\"zum Detailseintrag\">kl\u00f6nen<\/a>, krabbeln; wichsen; pullan (o.pullern); baggan (o. baggern); anpumpen, h\u00e4mman (o.h\u00e4mmern); <a href=\"http:\/\/lexizille.ruhrbazille.de\/?p=913\">ballan (o.ballern)<\/a> <\/div><div class=\"su-expand-link su-expand-link-more\" style=\"text-align:left\"><a href=\"javascript:;\" style=\"color:#0088FF;border-color:#0088FF\"><span style=\"border-color:#0088FF\">klikken und Tuw\u00f6rtas aufklappen<\/span><\/a><\/div><div class=\"su-expand-link su-expand-link-less\" style=\"text-align:left\"><a href=\"javascript:;\" style=\"color:#0088FF;border-color:#0088FF\"><span style=\"border-color:#0088FF\">klikken und Tuw\u00f6rtas zuklappen<\/span><\/a><\/div><\/div><\/strong><\/p>\n<\/div><\/div>\n<p><span><strong><i class=\"fa fa-comment-o \"><\/i> Verben mit Personalpronomen<br \/>\n<\/strong><\/span><\/p>\n<p style=\"padding-left: 40px;\"><span style=\"color: #808080;\">\u00a0Es ist nicht einfach zu beschreiben, wann Ruhris Verb und Personalpronomen zusammenfassen und wann eher nicht. Es kommt auf die <span id=\"wiki-tooltip-1\" data-tooltip-content=\"#wiki-tooltip-box-1\" data-wiki_num=\"1\" data-wiki_id=\"152466\" data-wiki_title=\"Person (Grammatik)\" data-wiki_section=\"\" data-wiki_base_url=\"https:\/\/de.wikipedia.org\/w\/api.php\" data-wiki_url=\"https:\/\/de.wikipedia.org\/wiki\/Person_(Grammatik)\" data-wiki_thumbnail=\"default\"><a class=\"wiki-tooltip\" href=\"https:\/\/de.wikipedia.org\/wiki\/Person_(Grammatik)\" target=\"_blank\" rel=\"noopener noreferrer\" onclick=\"return isClickEnabled( 'hover', 'none' );\">Person (Grammatik)<\/a><\/span> hat. Ruhris \u00b4quasseln gerne und sparen Zeit, wenn sie Verb und Personalpronomen zusammenfassen. Die Besonderheit ist beispielsweise die 1. Person Plural: <strong>Machma<\/strong> steht z.B f\u00fcr <strong><em>machen wir.\u00a0<\/em><\/strong> Das Wort <em>machma<\/em> steht auch\u00a0 in der <a href=\"http:\/\/lexizille.ruhrbazille.de\/?p=672\">2. Person Singular Imperativ<\/a> f\u00fcr zum Beispiel: (<strong>RD):<\/strong> machma hin (<strong>HD): M<\/strong>ach mal schneller. <\/span><\/p>\n<p style=\"padding-left: 40px;\"><span style=\"color: #808080;\"><strong><i class=\"fa fa-comment-o \"><\/i> Anmerkung Toseeck:<\/strong> Die Ausdifferenzierung <a href=\"https:\/\/deutschegrammatik20.de\/konjunktiv\/der-konjunktiv-ii-gegenwart-mit-dem-hilfsverb-werden\/\" style=\"color: #808080;\">Konjunktiv 1\/2<\/a> oder Futur 1, 2 und son kram lassen wa inne Beitr\u00e4ge wech, zumal dat meiste sowieso im Ruhrdeutschen genauso wie im Hochdeutschen ausgesprochen wird.<\/span><\/p>\n<div class=\"su-divider su-divider-style-default\" style=\"margin:15px 0;border-width:3px;border-color:#999999\"><a href=\"#\" style=\"color:#999999\">Nach oben<\/a><\/div>\n<div id=\"OKAYFREEDOM_INJECTED\" style=\"display: none;\"><\/div>\n<blockquote class=\"wp-embedded-content\" data-secret=\"C5Q0a9lJDB\"><p><a href=\"http:\/\/lexizille.ruhrbazille.de\/?p=748\">ich, du, sie und die Verben<\/a><\/p><\/blockquote>\n<p><iframe class=\"wp-embedded-content\" sandbox=\"allow-scripts\" security=\"restricted\" style=\"position: absolute; clip: rect(1px, 1px, 1px, 1px);\" title=\"&#8222;ich, du, sie und die Verben&#8220; &#8212; Die Lexizille\" src=\"http:\/\/lexizille.ruhrbazille.de\/?p=748&#038;embed=true#?secret=C5Q0a9lJDB\" data-secret=\"C5Q0a9lJDB\" width=\"500\" height=\"282\" frameborder=\"0\" marginwidth=\"0\" marginheight=\"0\" scrolling=\"no\"><\/iframe><\/p>\n<div class=\"su-divider su-divider-style-default\" style=\"margin:15px 0;border-width:3px;border-color:#999999\"><a href=\"#\" style=\"color:#999999\">Nach oben<\/a><\/div>\n","protected":false},"excerpt":{"rendered":"<div class=\"mh-excerpt\"><p>Verben &#8211; Eintrag Wiktionary\u00a0 T\u00e4tigkeitsw\u00f6rter, Tuw\u00f6rter &#8230;. Verben mit Personalpronomen \u00a0Es ist nicht einfach zu beschreiben, wann Ruhris Verb und Personalpronomen zusammenfassen und wann eher <a class=\"mh-excerpt-more\" href=\"http:\/\/lexizille.ruhrbazille.de\/?page_id=813\" title=\"Verben\">[&#8230;]<\/a><\/p>\n<\/div>","protected":false},"author":1,"featured_media":331,"parent":0,"menu_order":0,"comment_status":"closed","ping_status":"closed","template":"template-full.php","meta":[],"_links":{"self":[{"href":"http:\/\/lexizille.ruhrbazille.de\/index.php?rest_route=\/wp\/v2\/pages\/813"}],"collection":[{"href":"http:\/\/lexizille.ruhrbazille.de\/index.php?rest_route=\/wp\/v2\/pages"}],"about":[{"href":"http:\/\/lexizille.ruhrbazille.de\/index.php?rest_route=\/wp\/v2\/types\/page"}],"author":[{"embeddable":true,"href":"http:\/\/lexizille.ruhrbazille.de\/index.php?rest_route=\/wp\/v2\/users\/1"}],"replies":[{"embeddable":true,"href":"http:\/\/lexizille.ruhrbazille.de\/index.php?rest_route=%2Fwp%2Fv2%2Fcomments&post=813"}],"version-history":[{"count":19,"href":"http:\/\/lexizille.ruhrbazille.de\/index.php?rest_route=\/wp\/v2\/pages\/813\/revisions"}],"predecessor-version":[{"id":1017,"href":"http:\/\/lexizille.ruhrbazille.de\/index.php?rest_route=\/wp\/v2\/pages\/813\/revisions\/1017"}],"wp:featuredmedia":[{"embeddable":true,"href":"http:\/\/lexizille.ruhrbazille.de\/index.php?rest_route=\/wp\/v2\/media\/331"}],"wp:attachment":[{"href":"http:\/\/lexizille.ruhrbazille.de\/index.php?rest_route=%2Fwp%2Fv2%2Fmedia&parent=813"}],"curies":[{"name":"wp","href":"https:\/\/api.w.org\/{rel}","templated":true}]}}